{"id":15857,"date":"2020-11-19T17:27:05","date_gmt":"2020-11-19T17:27:05","guid":{"rendered":"https:\/\/www.theanchorage.es\/?page_id=15857"},"modified":"2026-02-04T11:46:17","modified_gmt":"2026-02-04T11:46:17","slug":"el-comite","status":"publish","type":"page","link":"https:\/\/www.theanchorage.es\/es\/area-de-propietarios\/servicios-the-anchorage\/el-comite\/","title":{"rendered":"El Comit\u00e9"},"content":{"rendered":"<div class=\"wpb-content-wrapper\"><p>[vc_row el_id=\u00bbcontents\u00bb][vc_column width=\u00bb1\/12&#8243;][\/vc_column][vc_column width=\u00bb5\/6&#8243;][vc_row_inner][vc_column_inner]<div class=\"clearboth\"><\/div><style>#thegem-divider-69f48f6598c7e {margin-top: 130px !important;}<\/style><div id=\"thegem-divider-69f48f6598c7e\" class=\"gem-divider  \" style=\"\" ><\/div>[vc_column_text]<\/p>\n<h3>EL COMIT\u00c9<span class=\"light\"><br \/>\n<\/span><\/h3>\n<p>[\/vc_column_text]<div class=\"clearboth\"><\/div><style>#thegem-divider-69f48f6598cd9 {margin-top: 30px !important;}<\/style><div id=\"thegem-divider-69f48f6598cd9\" class=\"gem-divider  \" style=\"\" ><\/div>[vc_column_text]El Comit\u00e9 de gesti\u00f3n est\u00e1 formado por propietarios que ofrecen voluntariamente su tiempo para fijar objetivos, dirigir la gesti\u00f3n, mantener los est\u00e1ndares y supervisar el gasto presupuestario de The Anchorage. Consiste en una secci\u00f3n representativa de la comunidad para garantizar que se tengan en cuenta los intereses de todos los propietarios.[\/vc_column_text][\/vc_column_inner][\/vc_row_inner][\/vc_column][vc_column width=\u00bb1\/12&#8243;][\/vc_column][\/vc_row][vc_row full_width=\u00bbstretch_row\u00bb][vc_column width=\u00bb1\/12&#8243;][\/vc_column][vc_column width=\u00bb5\/6&#8243;][vc_row_inner][vc_column_inner width=\u00bb1\/2&#8243;][vc_column_text css=\u00bb\u00bb]<strong>Stewart Broome <\/strong>(Reino Unido)<br \/>\n<em>Presidente de la Comunidad,<\/em><br \/>\n<em>Vicepresidente del The\u00a0 Anchorage Club Mallorca<br \/>\n<\/em>+447 887 821 776<em><br \/>\n<\/em><\/p>\n<p><strong>Gerhard Eisenacher <\/strong>(Alemania)<br \/>\n<em>Presidente de The\u00a0 Anchorage Club Mallorca,<\/em><br \/>\n<em>Vicepresidente de la Comunidad &#8211; Finanzas<br \/>\n<\/em>+491 609 726 5551<em><br \/>\n<\/em><\/p>\n<p><strong>Roderick Wordie<\/strong> (Reino Unido)<br \/>\n<em>Jardines<\/em><\/p>\n<p><strong>Robin Black<\/strong> (Reino Unido)<br \/>\n<em>Informaci\u00f3n y comunicaci\u00f3n<\/em><\/p>\n<p><strong>Michael End<\/strong> (Alemania)<br \/>\n<em>Recursos Humanos<\/em>[\/vc_column_text][\/vc_column_inner][vc_column_inner width=\u00bb1\/2&#8243;][vc_column_text css=\u00bb\u00bb]<strong>Mandy Salter<\/strong> (Reino Unido)<br \/>\n<em>Asistencia y asesoramiento generales<\/em><\/p>\n<p><strong>Daniel Simpson<\/strong> (Reino Unido)<br \/>\n<em>Asistencia y asesoramiento generales<\/em><\/p>\n<p><strong>Michael Rosenblatt<\/strong> (Reino Unido)<br \/>\n<em>Asistencia y asesoramiento general<\/em><\/p>\n<p><strong>Annika Tisell<\/strong> (Suecia)<br \/>\n<em>Restaurante<\/em><\/p>\n<p><strong>Nicole Breuer<\/strong> (Alemania)<br \/>\n<em>Est\u00e9tica<\/em><\/p>\n<p><strong>Agneta Falkenberg<\/strong> (Suecia)<br \/>\n<em>Actividades y bienestar<\/em><\/p>\n<p><strong>Karen Kassulat<\/strong> (Alemania)<br \/>\n<em>Eventos<\/em><\/p>\n<p>[\/vc_column_text][\/vc_column_inner][\/vc_row_inner][vc_row_inner][vc_column_inner][vc_column_text]Si tiene alguna pregunta, solicitud o cualquier otro asunto que le gustar\u00eda plantear, comun\u00edquese con la oficina, estar\u00e1n encantados de ayudarle. Se pondr\u00e1n en contacto con los miembros del Comit\u00e9 en su nombre, o a qui\u00e9n corresponda.<\/p>\n<p><strong>committee@theanchorage.es<\/strong>[\/vc_column_text][\/vc_column_inner][\/vc_row_inner][\/vc_column][vc_column width=\u00bb1\/12&#8243;][\/vc_column][\/vc_row][vc_row el_class=\u00bbwellness\u00bb][vc_column]<div class=\"clearboth\"><\/div><style>#thegem-divider-69f48f6598d0b {margin-top: 100px !important;}<\/style><div id=\"thegem-divider-69f48f6598d0b\" class=\"gem-divider  \" style=\"\" ><\/div>[\/vc_column][\/vc_row][vc_row][vc_column][vc_column_text]<button translate=\"no\" class=\"btg-button btg-button-6 btg-bottomLeft\" data-btnid=\"6\" data-url=\"https:\/\/www.theanchorage.es\/wp-content\/uploads\/2025\/07\/SReglamento-regimen-interior-Comunidad-aprobado-25abr2025.pdf\" data-action=\"link\" data-target=\"_self\">REGLAMENTO<span class=\"fas fa-exclamation-circle btg-icon \"><\/span><\/button>[\/vc_column_text][\/vc_column][\/vc_row]<\/p>\n<div style=\"margin: 20px 0;\"><div class=\"qrcswholewtapper\" style=\"text-align:left;\"><div class=\"qrcprowrapper\"  id=\"qrcwraa2leds\"><div class=\"qrc_canvass\" id=\"qrc_cuttenpages_2\" style=\"display:none\" data-text=\"https:\/\/www.theanchorage.es\/es\/area-de-propietarios\/servicios-the-anchorage\/el-comite\/\"><\/div><\/div><\/div><\/div><\/div>","protected":false},"excerpt":{"rendered":"<p>[vc_row el_id=\u00bbcontents\u00bb][vc_column width=\u00bb1\/12&#8243;][\/vc_column][vc_column width=\u00bb5\/6&#8243;][vc_row_inner][vc_column_inner][vc_column_text] EL COMIT\u00c9 [\/vc_column_text][vc_column_text]El Comit\u00e9 de gesti\u00f3n est\u00e1 formado por propietarios que ofrecen voluntariamente su tiempo para&#8230;<\/p>\n","protected":false},"author":1,"featured_media":17349,"parent":13820,"menu_order":8,"comment_status":"closed","ping_status":"closed","template":"","meta":{"_joinchat":[],"footnotes":"","_links_to":"","_links_to_target":""},"class_list":["post-15857","page","type-page","status-publish","has-post-thumbnail"],"_links":{"self":[{"href":"https:\/\/www.theanchorage.es\/es\/wp-json\/wp\/v2\/pages\/15857","targetHints":{"allow":["GET"]}}],"collection":[{"href":"https:\/\/www.theanchorage.es\/es\/wp-json\/wp\/v2\/pages"}],"about":[{"href":"https:\/\/www.theanchorage.es\/es\/wp-json\/wp\/v2\/types\/page"}],"author":[{"embeddable":true,"href":"https:\/\/www.theanchorage.es\/es\/wp-json\/wp\/v2\/users\/1"}],"replies":[{"embeddable":true,"href":"https:\/\/www.theanchorage.es\/es\/wp-json\/wp\/v2\/comments?post=15857"}],"version-history":[{"count":9,"href":"https:\/\/www.theanchorage.es\/es\/wp-json\/wp\/v2\/pages\/15857\/revisions"}],"predecessor-version":[{"id":47233,"href":"https:\/\/www.theanchorage.es\/es\/wp-json\/wp\/v2\/pages\/15857\/revisions\/47233"}],"up":[{"embeddable":true,"href":"https:\/\/www.theanchorage.es\/es\/wp-json\/wp\/v2\/pages\/13820"}],"wp:featuredmedia":[{"embeddable":true,"href":"https:\/\/www.theanchorage.es\/es\/wp-json\/wp\/v2\/media\/17349"}],"wp:attachment":[{"href":"https:\/\/www.theanchorage.es\/es\/wp-json\/wp\/v2\/media?parent=15857"}],"curies":[{"name":"wp","href":"https:\/\/api.w.org\/{rel}","templated":true}]}}